{"id":11095,"date":"2018-02-04T15:43:20","date_gmt":"2018-02-04T15:43:20","guid":{"rendered":"http:\/\/rifetheme.com\/unicorn\/?page_id=11095"},"modified":"2025-09-04T15:20:23","modified_gmt":"2025-09-04T18:20:23","slug":"sertsc","status":"publish","type":"page","link":"https:\/\/sertsc.org.br\/site\/sertsc\/","title":{"rendered":"SERT\/SC"},"content":{"rendered":"\t\t<div data-elementor-type=\"wp-post\" data-elementor-id=\"11095\" class=\"elementor elementor-11095\">\n\t\t\t\t\t\t<section class=\"elementor-section elementor-top-section elementor-element elementor-element-6962e2f0 elementor-section-stretched elementor-section-boxed elementor-section-height-default elementor-section-height-default\" data-id=\"6962e2f0\" data-element_type=\"section\" data-settings=\"{&quot;stretch_section&quot;:&quot;section-stretched&quot;,&quot;background_background&quot;:&quot;classic&quot;}\">\n\t\t\t\t\t\t<div class=\"elementor-container elementor-column-gap-default\">\n\t\t\t\t\t<div class=\"elementor-column elementor-col-100 elementor-top-column elementor-element elementor-element-513d0c2\" data-id=\"513d0c2\" data-element_type=\"column\">\n\t\t\t<div class=\"elementor-widget-wrap elementor-element-populated\">\n\t\t\t\t\t\t<div class=\"elementor-element elementor-element-1d050596 elementor-widget elementor-widget-heading\" data-id=\"1d050596\" data-element_type=\"widget\" data-widget_type=\"heading.default\">\n\t\t\t\t<div class=\"elementor-widget-container\">\n\t\t\t\t\t<h2 class=\"elementor-heading-title elementor-size-default\">CONHE\u00c7A MAIS SOBRE NOSSA HIST\u00d3RIA<\/h2>\t\t\t\t<\/div>\n\t\t\t\t<\/div>\n\t\t\t\t<div class=\"elementor-element elementor-element-15cdacec elementor-widget elementor-widget-heading\" data-id=\"15cdacec\" data-element_type=\"widget\" data-widget_type=\"heading.default\">\n\t\t\t\t<div class=\"elementor-widget-container\">\n\t\t\t\t\t<h2 class=\"elementor-heading-title elementor-size-default\">SERT\/SC<\/h2>\t\t\t\t<\/div>\n\t\t\t\t<\/div>\n\t\t\t\t\t<\/div>\n\t\t<\/div>\n\t\t\t\t\t<\/div>\n\t\t<\/section>\n\t\t\t\t<section class=\"elementor-section elementor-top-section elementor-element elementor-element-50b8a3c6 elementor-section-stretched elementor-section-boxed elementor-section-height-default elementor-section-height-default\" data-id=\"50b8a3c6\" data-element_type=\"section\" data-settings=\"{&quot;stretch_section&quot;:&quot;section-stretched&quot;,&quot;background_background&quot;:&quot;classic&quot;}\">\n\t\t\t\t\t\t<div class=\"elementor-container elementor-column-gap-default\">\n\t\t\t\t\t<div class=\"elementor-column elementor-col-50 elementor-top-column elementor-element elementor-element-c803c6b\" data-id=\"c803c6b\" data-element_type=\"column\">\n\t\t\t<div class=\"elementor-widget-wrap elementor-element-populated\">\n\t\t\t\t\t\t<div class=\"elementor-element elementor-element-1a8c6fd elementor-widget elementor-widget-image\" data-id=\"1a8c6fd\" data-element_type=\"widget\" data-widget_type=\"image.default\">\n\t\t\t\t<div class=\"elementor-widget-container\">\n\t\t\t\t\t\t\t\t\t\t\t\t\t\t\t<img fetchpriority=\"high\" decoding=\"async\" width=\"500\" height=\"605\" src=\"https:\/\/sertsc.org.br\/site\/wp-content\/uploads\/2024\/03\/radiosert-500x605.jpg\" class=\"elementor-animation-grow attachment-large size-large wp-image-12267\" alt=\"\" \/>\t\t\t\t\t\t\t\t\t\t\t\t\t\t\t<\/div>\n\t\t\t\t<\/div>\n\t\t\t\t\t<\/div>\n\t\t<\/div>\n\t\t\t\t<div class=\"elementor-column elementor-col-50 elementor-top-column elementor-element elementor-element-52834fe2\" data-id=\"52834fe2\" data-element_type=\"column\">\n\t\t\t<div class=\"elementor-widget-wrap elementor-element-populated\">\n\t\t\t\t\t\t<div class=\"elementor-element elementor-element-1eb24d56 elementor-widget elementor-widget-heading\" data-id=\"1eb24d56\" data-element_type=\"widget\" data-widget_type=\"heading.default\">\n\t\t\t\t<div class=\"elementor-widget-container\">\n\t\t\t\t\t<h2 class=\"elementor-heading-title elementor-size-default\">HIST\u00d3RICO<\/h2>\t\t\t\t<\/div>\n\t\t\t\t<\/div>\n\t\t\t\t<div class=\"elementor-element elementor-element-9b3b1db elementor-widget elementor-widget-writing-effect-headline\" data-id=\"9b3b1db\" data-element_type=\"widget\" data-widget_type=\"writing-effect-headline.default\">\n\t\t\t\t<div class=\"elementor-widget-container\">\n\t\t\t\t\t\t\t<h3 class=\"a13ree-written-headline\" data-speed=\"30\" data-loop=\"1\">\r\n\t\t\t\t\t\t\t<span class=\"before-written\">O in\u00edcio do movimento<\/span>\r\n\t\t\t\r\n\t\t\t\r\n\t\t\t\t\t<\/h3>\r\n\t\t\t\t\t\t<\/div>\n\t\t\t\t<\/div>\n\t\t\t\t<div class=\"elementor-element elementor-element-b64cff3 elementor-widget elementor-widget-heading\" data-id=\"b64cff3\" data-element_type=\"widget\" data-widget_type=\"heading.default\">\n\t\t\t\t<div class=\"elementor-widget-container\">\n\t\t\t\t\t<span class=\"elementor-heading-title elementor-size-default\">Na d\u00e9cada de 1970, o r\u00e1dio e a televis\u00e3o cresceram significativamente no Brasil, oferecendo emprego e renda para milhares de pessoas. Em consequ\u00eancia disso, tornou-se imperiosa a necessidade do reconhecimento legal das atividades e rela\u00e7\u00f5es trabalhistas dos profissionais envolvidos nessas m\u00eddias. Ocorreu, ent\u00e3o, uma grande mobiliza\u00e7\u00e3o nacional, com a participa\u00e7\u00e3o de diversas lideran\u00e7as empresariais, que resultou no encaminhamento de um projeto de lei ao Congresso Nacional com aquela finalidade.\n&lt;BR?<BR>\nApesar das in\u00fameras dificuldades enfrentadas, o movimento alcan\u00e7ou seu objetivo: em 16 de dezembro de 1978, foi promulgada a Lei n\u00ba 6.615, que tornou realidade a profiss\u00e3o de radialista. Contudo, outro longo caminho foi percorrido at\u00e9 que essa lei fosse finalmente regulamentada, o que ocorreu em 30 de outubro de 1979, atrav\u00e9s do Decreto n\u00ba 84.134.<\/span>\t\t\t\t<\/div>\n\t\t\t\t<\/div>\n\t\t\t\t\t<\/div>\n\t\t<\/div>\n\t\t\t\t\t<\/div>\n\t\t<\/section>\n\t\t\t\t<section class=\"elementor-section elementor-top-section elementor-element elementor-element-752fdc33 elementor-section-boxed elementor-section-height-default elementor-section-height-default\" data-id=\"752fdc33\" data-element_type=\"section\">\n\t\t\t\t\t\t<div class=\"elementor-container elementor-column-gap-default\">\n\t\t\t\t\t<div class=\"elementor-column elementor-col-100 elementor-top-column elementor-element elementor-element-ca11c28\" data-id=\"ca11c28\" data-element_type=\"column\">\n\t\t\t<div class=\"elementor-widget-wrap elementor-element-populated\">\n\t\t\t\t\t\t<div class=\"elementor-element elementor-element-d1d72e1 elementor-widget elementor-widget-text-editor\" data-id=\"d1d72e1\" data-element_type=\"widget\" data-widget_type=\"text-editor.default\">\n\t\t\t\t<div class=\"elementor-widget-container\">\n\t\t\t\t\t\t\t\t\t<p><strong>Surgimento do SERT\/SC<\/strong><\/p><p>Ap\u00f3s conquistarem a regulamenta\u00e7\u00e3o da profiss\u00e3o de radialista, os radiodifusores catarinenses concentraram seus esfor\u00e7os no sentido de conseguir junto ao Minist\u00e9rio do Trabalho a concess\u00e3o da carta sindical, o que veio a ocorrer no dia 22 de junho de 1980. Cerca de dois meses depois, em 26 de agosto de 1980, foi eleita a primeira diretoria, ainda provis\u00f3ria, do Sindicato das Empresas de R\u00e1dio e Televis\u00e3o do Estado de Santa Catarina, c\u00f3digo 000.000.01329.3, com sede na cidade de Florian\u00f3polis e nos termos estabelecidos na Consolida\u00e7\u00e3o das Leis do Trabalho (CLT).<\/p><p><strong><img decoding=\"async\" class=\"wp-image-12250 size-medium alignright\" src=\"https:\/\/alcaline.com.br\/clientes\/sertsc\/wp-content\/uploads\/2024\/02\/sert-mp4-image-300x169.jpg\" alt=\"\" width=\"300\" height=\"169\" \/>As primeiras lideran\u00e7as<\/strong><\/p><p>O grupo pioneiro de lideran\u00e7as da radiodifus\u00e3o catarinense foi formado por Euclides Sim\u00f5es de Almeida, primeiro presidente do SERT\/SC; Ramiro Greg\u00f3rio da Silva; Rui Benvegnu Pimentel; Osni Jos\u00e9 Gon\u00e7alves; N\u00e9vio Capeler; Edson Andrade; Alfredo F\u00f3es; Carlos Guilherme Addor; Virg\u00edlio Tambosi; Clemente Norberto Jaeger; Agenor Neves Marques; Nelson Pacheco Sirotsky; Edson Otto Zadrosny; Evel\u00e1sio Paulo Vieira; e Jo\u00e3o Carlos C\u00f4as.<\/p><p><strong>O SERT\/SC hoje<\/strong><\/p><p>Desde a sua funda\u00e7\u00e3o, o SERT\/SC nunca parou de evoluir. Nos \u00faltimos anos, adquiriu uma sede pr\u00f3pria e ampliou fortemente as suas atividades. Al\u00e9m de representar legalmente as emissoras de r\u00e1dio e TV de Santa Catarina, prestar consultoria jur\u00eddica e negociar as Conven\u00e7\u00f5es Coletivas de Trabalho, o SERT\/SC promove encontros regionais e semin\u00e1rios com palestrantes consagrados, oferece cursos on-line atrav\u00e9s da sua Universidade Corporativa, informa seus filiados sobre os \u00faltimos acontecimentos no mercado e garante descontos em servi\u00e7os relevantes para os radiodifusores.<\/p><p>Por tudo isso, o SERT\/SC posiciona-se hoje como uma das entidades mais ativas e respeitadas da comunica\u00e7\u00e3o brasileira.<\/p>\t\t\t\t\t\t\t\t<\/div>\n\t\t\t\t<\/div>\n\t\t\t\t\t<\/div>\n\t\t<\/div>\n\t\t\t\t\t<\/div>\n\t\t<\/section>\n\t\t\t\t<section class=\"elementor-section elementor-top-section elementor-element elementor-element-79ea560 elementor-section-boxed elementor-section-height-default elementor-section-height-default\" data-id=\"79ea560\" data-element_type=\"section\">\n\t\t\t\t\t\t<div class=\"elementor-container elementor-column-gap-default\">\n\t\t\t\t\t<div class=\"elementor-column elementor-col-100 elementor-top-column elementor-element elementor-element-a9dce54\" data-id=\"a9dce54\" data-element_type=\"column\">\n\t\t\t<div class=\"elementor-widget-wrap elementor-element-populated\">\n\t\t\t\t\t\t<div class=\"elementor-element elementor-element-2774538 elementor-widget elementor-widget-text-editor\" data-id=\"2774538\" data-element_type=\"widget\" data-widget_type=\"text-editor.default\">\n\t\t\t\t<div class=\"elementor-widget-container\">\n\t\t\t\t\t\t\t\t\t<p><strong>Diretoria executiva e conselho fiscal<\/strong> eleita em Assembl\u00e9ia Geral Extraordin\u00e1ria em 29 de outubro de 2024<\/p><p><span style=\"font-weight: 400;\"><strong>Evel\u00e1sio Vieira Neto<\/strong><br \/><\/span><span style=\"font-weight: 400;\">Presidente<\/span><\/p><p><strong>M\u00e1rio da Silva Neves<br \/><\/strong>Vice Presidente para Assuntos de Televis\u00e3o<\/p><p><span style=\"font-weight: 400;\"><strong>F\u00e1bio Bigolin<\/strong><br \/><\/span><span style=\"font-weight: 400;\">Vice Presidente R\u00e1dio<\/span><\/p><p><span style=\"font-weight: 400;\"><strong>Agla\u00e9 de Oliveira<\/strong><br \/><\/span><span style=\"font-weight: 400;\">Vice Presidente para Assunto \u00c9tico e Jur\u00eddico<\/span><\/p><p><span style=\"font-weight: 400;\"><strong>Albertino Zamarco Junior<\/strong><br \/><\/span><span style=\"font-weight: 400;\">Secret\u00e1rio<\/span><\/p><p><span style=\"font-weight: 400;\"><strong>Rani\u00e9ri Moacir Bertoli<\/strong><br \/><\/span><span style=\"font-weight: 400;\">Tesoureiro<\/span><\/p><p><span style=\"font-weight: 400;\"><strong>Roberto Dimas Ribeiro do Amaral<\/strong><br \/><\/span><span style=\"font-weight: 400;\">Suplente Diretoria<\/span><\/p><p><span style=\"font-weight: 400;\"><strong>Adriano Araldi<\/strong><br \/><\/span><span style=\"font-weight: 400;\">Suplente Diretoria<\/span><\/p><p><span style=\"font-weight: 400;\"><strong>Nelson Paulo dos Santos<\/strong><br \/><\/span><span style=\"font-weight: 400;\">Suplente Diretoria<\/span><\/p><p><span style=\"font-weight: 400;\"><strong>Thayni Librelato<\/strong><br \/><\/span><span style=\"font-weight: 400;\">Suplente Diretoria<\/span><\/p><p><span style=\"font-weight: 400;\"><strong>Juliana Lohn<\/strong><br \/><\/span><span style=\"font-weight: 400;\">Suplente Diretoria<\/span><\/p><p><span style=\"font-weight: 400;\"><strong>Caio Cesar de Souza<\/strong><br \/><\/span><span style=\"font-weight: 400;\">Suplente Diretoria<\/span><\/p><p><span style=\"font-weight: 400;\"><strong>Ana Paula Schimdt Melo<\/strong><br \/><\/span><span style=\"font-weight: 400;\">Conselho Fiscal<\/span><\/p><p><span style=\"font-weight: 400;\"><strong>Humberto Ohf de Andrade<\/strong><br \/><\/span><span style=\"font-weight: 400;\">Conselho Fiscal<\/span><\/p><p><span style=\"font-weight: 400;\"><strong>Neliege Pagnussat de Souza<\/strong><br \/><\/span><span style=\"font-weight: 400;\">Conselho Fiscal<\/span><\/p><p><span style=\"font-weight: 400;\"><strong>Adilson Jo\u00e3o Baldissera<\/strong><br \/><\/span><span style=\"font-weight: 400;\">Suplente Conselho Fiscal<br \/><br \/><\/span><span style=\"font-weight: 400;\"><strong>Darci D&#8217; Avila Dias<\/strong><br \/><\/span><span style=\"font-weight: 400;\">Suplente Conselho Fiscal<\/span><\/p><p><span style=\"font-weight: 400;\"><strong>Carlos Joffre do Amaral Netto<\/strong><br \/><\/span><span style=\"font-weight: 400;\">Suplente Conselho Fiscal<\/span><\/p><p><em><strong>Representntes Efetivos Perante Entidades Superiores<\/strong><\/em><\/p><p><span style=\"font-weight: 400;\"><strong>Marcello Corr\u00eaa Petrelli<\/strong><br \/>Representante efetivo de TV<br \/><\/span><\/p><p><span style=\"font-weight: 400;\"><strong>J\u00falia Bailer Reinert<\/strong><br \/>Suplente Setor de Televis\u00e3o<br \/><\/span><\/p><p><span style=\"font-weight: 400;\"><strong>Evel\u00e1sio Vieira Neto<\/strong><br \/>Representante efetivo de R\u00e1dio<br \/><\/span><\/p><p><span style=\"font-weight: 400;\"><strong>Carolina Guidi Felippi<\/strong><br \/>Suplente Setor de R\u00e1dio<br \/><\/span><\/p><p>\u00a0<\/p><p>\u00a0<\/p>\t\t\t\t\t\t\t\t<\/div>\n\t\t\t\t<\/div>\n\t\t\t\t\t<\/div>\n\t\t<\/div>\n\t\t\t\t\t<\/div>\n\t\t<\/section>\n\t\t\t\t<section class=\"elementor-section elementor-top-section elementor-element elementor-element-a5f8f36 elementor-section-content-middle elementor-section-stretched elementor-reverse-mobile elementor-section-boxed elementor-section-height-default elementor-section-height-default\" data-id=\"a5f8f36\" data-element_type=\"section\" data-settings=\"{&quot;stretch_section&quot;:&quot;section-stretched&quot;,&quot;background_background&quot;:&quot;classic&quot;}\">\n\t\t\t\t\t\t<div class=\"elementor-container elementor-column-gap-default\">\n\t\t\t\t\t<div class=\"elementor-column elementor-col-100 elementor-top-column elementor-element elementor-element-7ea9a00 elementor-invisible\" data-id=\"7ea9a00\" data-element_type=\"column\" data-settings=\"{&quot;animation&quot;:&quot;fadeInLeft&quot;}\">\n\t\t\t<div class=\"elementor-widget-wrap elementor-element-populated\">\n\t\t\t\t\t\t<section class=\"elementor-section elementor-inner-section elementor-element elementor-element-4621a73 elementor-section-full_width elementor-section-height-default elementor-section-height-default\" data-id=\"4621a73\" data-element_type=\"section\">\n\t\t\t\t\t\t<div class=\"elementor-container elementor-column-gap-default\">\n\t\t\t\t\t<div class=\"elementor-column elementor-col-100 elementor-inner-column elementor-element elementor-element-acb4cb2\" data-id=\"acb4cb2\" data-element_type=\"column\">\n\t\t\t<div class=\"elementor-widget-wrap elementor-element-populated\">\n\t\t\t\t\t\t<div class=\"elementor-element elementor-element-545c557 elementor-widget elementor-widget-heading\" data-id=\"545c557\" data-element_type=\"widget\" data-widget_type=\"heading.default\">\n\t\t\t\t<div class=\"elementor-widget-container\">\n\t\t\t\t\t<h2 class=\"elementor-heading-title elementor-size-default\"><strong>Benef\u00edcios do SERT\/SC<\/strong> <\/h2>\t\t\t\t<\/div>\n\t\t\t\t<\/div>\n\t\t\t\t<div class=\"elementor-element elementor-element-00bab9f elementor-widget elementor-widget-spacer\" data-id=\"00bab9f\" data-element_type=\"widget\" data-widget_type=\"spacer.default\">\n\t\t\t\t<div class=\"elementor-widget-container\">\n\t\t\t\t\t\t\t<div class=\"elementor-spacer\">\n\t\t\t<div class=\"elementor-spacer-inner\"><\/div>\n\t\t<\/div>\n\t\t\t\t\t\t<\/div>\n\t\t\t\t<\/div>\n\t\t\t\t<div class=\"elementor-element elementor-element-9eefb99 elementor-widget elementor-widget-text-editor\" data-id=\"9eefb99\" data-element_type=\"widget\" data-widget_type=\"text-editor.default\">\n\t\t\t\t<div class=\"elementor-widget-container\">\n\t\t\t\t\t\t\t\t\t<ul><li>Representa\u00e7\u00e3o legal das emissoras de r\u00e1dio e televis\u00e3o de Santa Catarina;<\/li><li>Conven\u00e7\u00e3o Coletiva de Trabalho;<\/li><li>Consultoria jur\u00eddica;<\/li><li>Consultoria trabalhista;<\/li><li>Encontros regionais;<\/li><li>Semin\u00e1rios;<\/li><li>Cursos on-line atrav\u00e9s da Universidade Corporativa SERT\/SC;<\/li><li>Clube de Vantagens com descontos em servi\u00e7os;<\/li><li>Visitas jur\u00eddicas \u00e0s emissoras;<\/li><li>Informa\u00e7\u00f5es di\u00e1rias sobre o mercado de radiodifus\u00e3o;<\/li><li>Classificados gratuitos;<\/li><li>A\u00e7\u00f5es junto \u00e0 Federa\u00e7\u00e3o Nacional das Empresas de R\u00e1dio e Televis\u00e3o (FENAERT).<\/li><\/ul>\t\t\t\t\t\t\t\t<\/div>\n\t\t\t\t<\/div>\n\t\t\t\t<div class=\"elementor-element elementor-element-d1a3469 elementor-widget elementor-widget-spacer\" data-id=\"d1a3469\" data-element_type=\"widget\" data-widget_type=\"spacer.default\">\n\t\t\t\t<div class=\"elementor-widget-container\">\n\t\t\t\t\t\t\t<div class=\"elementor-spacer\">\n\t\t\t<div class=\"elementor-spacer-inner\"><\/div>\n\t\t<\/div>\n\t\t\t\t\t\t<\/div>\n\t\t\t\t<\/div>\n\t\t\t\t\t<\/div>\n\t\t<\/div>\n\t\t\t\t\t<\/div>\n\t\t<\/section>\n\t\t\t\t\t<\/div>\n\t\t<\/div>\n\t\t\t\t\t<\/div>\n\t\t<\/section>\n\t\t\t\t<section class=\"elementor-section elementor-top-section elementor-element elementor-element-60b1a23d elementor-section-content-middle elementor-section-stretched elementor-reverse-mobile elementor-section-boxed elementor-section-height-default elementor-section-height-default\" data-id=\"60b1a23d\" data-element_type=\"section\" data-settings=\"{&quot;stretch_section&quot;:&quot;section-stretched&quot;,&quot;background_background&quot;:&quot;classic&quot;}\">\n\t\t\t\t\t\t<div class=\"elementor-container elementor-column-gap-default\">\n\t\t\t\t\t<div class=\"elementor-column elementor-col-100 elementor-top-column elementor-element elementor-element-71bf2580 elementor-invisible\" data-id=\"71bf2580\" data-element_type=\"column\" data-settings=\"{&quot;animation&quot;:&quot;fadeInLeft&quot;}\">\n\t\t\t<div class=\"elementor-widget-wrap elementor-element-populated\">\n\t\t\t\t\t\t<section class=\"elementor-section elementor-inner-section elementor-element elementor-element-49576a3c elementor-section-full_width elementor-section-height-default elementor-section-height-default\" data-id=\"49576a3c\" data-element_type=\"section\">\n\t\t\t\t\t\t<div class=\"elementor-container elementor-column-gap-default\">\n\t\t\t\t\t<div class=\"elementor-column elementor-col-100 elementor-inner-column elementor-element elementor-element-1f4e60ac\" data-id=\"1f4e60ac\" data-element_type=\"column\">\n\t\t\t<div class=\"elementor-widget-wrap elementor-element-populated\">\n\t\t\t\t\t\t<div class=\"elementor-element elementor-element-ab23275 elementor-widget elementor-widget-heading\" data-id=\"ab23275\" data-element_type=\"widget\" data-widget_type=\"heading.default\">\n\t\t\t\t<div class=\"elementor-widget-container\">\n\t\t\t\t\t<h2 class=\"elementor-heading-title elementor-size-default\"><strong>Princ\u00edpios SERT\/SC<\/strong> <\/h2>\t\t\t\t<\/div>\n\t\t\t\t<\/div>\n\t\t\t\t<div class=\"elementor-element elementor-element-7df98eaf elementor-widget elementor-widget-spacer\" data-id=\"7df98eaf\" data-element_type=\"widget\" data-widget_type=\"spacer.default\">\n\t\t\t\t<div class=\"elementor-widget-container\">\n\t\t\t\t\t\t\t<div class=\"elementor-spacer\">\n\t\t\t<div class=\"elementor-spacer-inner\"><\/div>\n\t\t<\/div>\n\t\t\t\t\t\t<\/div>\n\t\t\t\t<\/div>\n\t\t\t\t<div class=\"elementor-element elementor-element-6b0b77a elementor-widget elementor-widget-text-editor\" data-id=\"6b0b77a\" data-element_type=\"widget\" data-widget_type=\"text-editor.default\">\n\t\t\t\t<div class=\"elementor-widget-container\">\n\t\t\t\t\t\t\t\t\t<p><strong>1\u00ba<\/strong>\u00a0Compromisso com o desenvolvimento das emissoras de R\u00e1dio e Televis\u00e3o;<\/p><p><strong>2\u00ba<\/strong>\u00a0Defender os interesses coletivos acima dos individuais;<\/p><p><strong>3\u00ba<\/strong>\u00a0Promo\u00e7\u00e3o do esp\u00edrito sindicalista integral;<\/p><p><strong>4\u00ba<\/strong>\u00a0Excel\u00eancia no atendimento dos filiados;<\/p><p><strong>5\u00ba<\/strong>\u00a0Buscar o desenvolvimento sustent\u00e1vel da entidade;<\/p><p><strong>6\u00ba<\/strong>\u00a0Perseveran\u00e7a como base para o sucesso.<\/p>\t\t\t\t\t\t\t\t<\/div>\n\t\t\t\t<\/div>\n\t\t\t\t<div class=\"elementor-element elementor-element-e7b9ce9 elementor-widget elementor-widget-spacer\" data-id=\"e7b9ce9\" data-element_type=\"widget\" data-widget_type=\"spacer.default\">\n\t\t\t\t<div class=\"elementor-widget-container\">\n\t\t\t\t\t\t\t<div class=\"elementor-spacer\">\n\t\t\t<div class=\"elementor-spacer-inner\"><\/div>\n\t\t<\/div>\n\t\t\t\t\t\t<\/div>\n\t\t\t\t<\/div>\n\t\t\t\t\t<\/div>\n\t\t<\/div>\n\t\t\t\t\t<\/div>\n\t\t<\/section>\n\t\t\t\t\t<\/div>\n\t\t<\/div>\n\t\t\t\t\t<\/div>\n\t\t<\/section>\n\t\t\t\t<\/div>\n\t\t","protected":false},"excerpt":{"rendered":"<p>CONHE\u00c7A MAIS SOBRE NOSSA HIST\u00d3RIA SERT\/SC HIST\u00d3RICO O in\u00edcio do&hellip;<\/p>\n<p> <a class=\"more-link\" href=\"https:\/\/sertsc.org.br\/site\/sertsc\/\">Leia mais<\/a><\/p>\n","protected":false},"author":1,"featured_media":0,"parent":0,"menu_order":0,"comment_status":"closed","ping_status":"closed","template":"","meta":{"footnotes":""},"class_list":["post-11095","page","type-page","status-publish"],"_links":{"self":[{"href":"https:\/\/sertsc.org.br\/site\/wp-json\/wp\/v2\/pages\/11095","targetHints":{"allow":["GET"]}}],"collection":[{"href":"https:\/\/sertsc.org.br\/site\/wp-json\/wp\/v2\/pages"}],"about":[{"href":"https:\/\/sertsc.org.br\/site\/wp-json\/wp\/v2\/types\/page"}],"author":[{"embeddable":true,"href":"https:\/\/sertsc.org.br\/site\/wp-json\/wp\/v2\/users\/1"}],"replies":[{"embeddable":true,"href":"https:\/\/sertsc.org.br\/site\/wp-json\/wp\/v2\/comments?post=11095"}],"version-history":[{"count":70,"href":"https:\/\/sertsc.org.br\/site\/wp-json\/wp\/v2\/pages\/11095\/revisions"}],"predecessor-version":[{"id":20277,"href":"https:\/\/sertsc.org.br\/site\/wp-json\/wp\/v2\/pages\/11095\/revisions\/20277"}],"wp:attachment":[{"href":"https:\/\/sertsc.org.br\/site\/wp-json\/wp\/v2\/media?parent=11095"}],"curies":[{"name":"wp","href":"https:\/\/api.w.org\/{rel}","templated":true}]}}