{"id":492673,"date":"2025-02-14T09:40:43","date_gmt":"2025-02-14T09:40:43","guid":{"rendered":"https:\/\/creativthemes.com\/theme-demo\/mavix-education-pro\/?page_id=217"},"modified":"2025-10-02T06:49:49","modified_gmt":"2025-10-02T09:49:49","slug":"sobre-2","status":"publish","type":"page","link":"https:\/\/sertsc.org.br\/cursos\/sobre-2\/","title":{"rendered":"Sobre N\u00f3s"},"content":{"rendered":"\t\t<div data-elementor-type=\"wp-page\" data-elementor-id=\"492673\" class=\"elementor elementor-492673\">\n\t\t\t\t<div class=\"elementor-element elementor-element-1cc8cd07 e-flex e-con-boxed e-con e-parent\" data-id=\"1cc8cd07\" data-element_type=\"container\">\n\t\t\t\t\t<div class=\"e-con-inner\">\n\t\t<div class=\"elementor-element elementor-element-3615e2f4 e-con-full e-flex e-con e-child\" data-id=\"3615e2f4\" data-element_type=\"container\">\n\t\t<div class=\"elementor-element elementor-element-5a1a8d77 e-flex e-con-boxed e-con e-child\" data-id=\"5a1a8d77\" data-element_type=\"container\">\n\t\t\t\t\t<div class=\"e-con-inner\">\n\t\t<div class=\"elementor-element elementor-element-14e3cec5 e-con-full e-flex e-con e-child\" data-id=\"14e3cec5\" data-element_type=\"container\">\n\t\t\t\t<div class=\"elementor-element elementor-element-5cc391ce elementor-widget elementor-widget-elementskit-heading\" data-id=\"5cc391ce\" data-element_type=\"widget\" data-widget_type=\"elementskit-heading.default\">\n\t\t\t\t\t<div class=\"ekit-wid-con\" ><div class=\"ekit-heading elementskit-section-title-wraper text_left   ekit_heading_tablet-   ekit_heading_mobile-text_center\"><h3 class=\"ekit-heading--title elementskit-section-title \">O in\u00edcio do movimento<\/h3>\t\t\t\t<div class='ekit-heading__description'>\n\t\t\t\t\t<p>Na d\u00e9cada de 1970, o r\u00e1dio e a televis\u00e3o cresceram significativamente no Brasil, oferecendo emprego e renda para milhares de pessoas. Em consequ\u00eancia disso, tornou-se imperiosa a necessidade do reconhecimento legal das atividades e rela\u00e7\u00f5es trabalhistas dos profissionais envolvidos nessas m\u00eddias. Ocorreu, ent\u00e3o, uma grande mobiliza\u00e7\u00e3o nacional, com a participa\u00e7\u00e3o de diversas lideran\u00e7as empresariais, que resultou no encaminhamento de um projeto de lei ao Congresso Nacional com aquela finalidade.<\/p>\n<p>Apesar das in\u00fameras dificuldades enfrentadas, o movimento alcan\u00e7ou seu objetivo: em 16 de dezembro de 1978, foi promulgada a Lei n\u00ba 6.615, que tornou realidade a profiss\u00e3o de radialista. Contudo, outro longo caminho foi percorrido at\u00e9 que essa lei fosse finalmente regulamentada, o que ocorreu em 30 de outubro de 1979, atrav\u00e9s do Decreto n\u00ba 84.134.<\/p>\n\t\t\t\t<\/div>\n\t\t\t<\/div><\/div>\t\t\t\t<\/div>\n\t\t\t\t<\/div>\n\t\t<div class=\"elementor-element elementor-element-1adbd042 e-con-full e-flex e-con e-child\" data-id=\"1adbd042\" data-element_type=\"container\">\n\t\t<div class=\"elementor-element elementor-element-754a360e e-flex e-con-boxed e-con e-child\" data-id=\"754a360e\" data-element_type=\"container\">\n\t\t\t\t\t<div class=\"e-con-inner\">\n\t\t<div class=\"elementor-element elementor-element-3b194c25 e-con-full e-flex e-con e-child\" data-id=\"3b194c25\" data-element_type=\"container\">\n\t\t\t\t<div class=\"elementor-element elementor-element-172cd110 elementor-widget elementor-widget-image\" data-id=\"172cd110\" data-element_type=\"widget\" data-widget_type=\"image.default\">\n\t\t\t\t\t\t\t\t\t\t\t\t\t\t\t<img fetchpriority=\"high\" decoding=\"async\" width=\"500\" height=\"605\" src=\"https:\/\/sertsc.org.br\/cursos\/wp-content\/uploads\/2025\/09\/radiosert-500x605-1.jpg\" class=\"attachment-large size-large wp-image-492807\" alt=\"\" srcset=\"https:\/\/sertsc.org.br\/cursos\/wp-content\/uploads\/2025\/09\/radiosert-500x605-1.jpg 500w, https:\/\/sertsc.org.br\/cursos\/wp-content\/uploads\/2025\/09\/radiosert-500x605-1-248x300.jpg 248w\" sizes=\"(max-width: 500px) 100vw, 500px\" \/>\t\t\t\t\t\t\t\t\t\t\t\t\t\t\t<\/div>\n\t\t\t\t<\/div>\n\t\t<div class=\"elementor-element elementor-element-2ad193b5 e-con-full e-flex e-con e-child\" data-id=\"2ad193b5\" data-element_type=\"container\">\n\t\t\t\t<div class=\"elementor-element elementor-element-4fee9ea9 elementor-widget elementor-widget-elementskit-heading\" data-id=\"4fee9ea9\" data-element_type=\"widget\" data-widget_type=\"elementskit-heading.default\">\n\t\t\t\t\t<div class=\"ekit-wid-con\" ><div class=\"ekit-heading elementskit-section-title-wraper text_center   ekit_heading_tablet-   ekit_heading_mobile-\"><h2 class=\"ekit-heading--title elementskit-section-title \">40+<\/h2><h3 class=\"ekit-heading--subtitle elementskit-section-subtitle  \">\n\t\t\t\t\t\tANOS DE\n\t\t\t\t\t<\/h3>\t\t\t\t<div class='ekit-heading__description'>\n\t\t\t\t\t<p>EXPERI\u00caNCIA<\/p>\n\t\t\t\t<\/div>\n\t\t\t<\/div><\/div>\t\t\t\t<\/div>\n\t\t\t\t<div class=\"elementor-element elementor-element-731bad5c elementor-widget elementor-widget-elementskit-video\" data-id=\"731bad5c\" data-element_type=\"widget\" data-widget_type=\"elementskit-video.default\">\n\t\t\t\t<div class=\"elementor-widget-container\">\n\t\t\t\t\t<div class=\"ekit-wid-con\" >\t\t<div class=\"video-content\" data-video-player=\"[]\" data-video-setting=\"{&quot;videoVolume&quot;:&quot;horizontal&quot;,&quot;startVolume&quot;:0.8000000000000000444089209850062616169452667236328125,&quot;videoType&quot;:&quot;iframe&quot;,&quot;videoClass&quot;:&quot;mfp-fade&quot;,&quot;popupIcon&quot;:{&quot;value&quot;:&quot;icon icon-cancel&quot;,&quot;library&quot;:&quot;ekiticons&quot;},&quot;videoStyle&quot;:&quot;popup&quot;,&quot;videoTypeName&quot;:&quot;youtube&quot;,&quot;autoplay&quot;:false,&quot;muted&quot;:false,&quot;loop&quot;:false}\">\n\t\t\t\n<a class=\"ekit_icon_button glow-ripple ekit-video-popup ekit-video-popup-btn\" href=\"https:\/\/www.youtube.com\/embed\/puy7Ja2lEFY?feature=oembed?playlist=puy7Ja2lEFY&amp;mute=0&amp;autoplay=0&amp;loop=no&amp;controls=0&amp;start=0&amp;end=\" aria-label=\"video-popup\">\n\t\t\t\t<i aria-hidden=\"true\" class=\"icon icon-play-button\"><\/i>\t\t\n\t\t\t<\/a>\n\t\t\t\t\t<\/div>\n\t\t<\/div>\t\t\t\t<\/div>\n\t\t\t\t<\/div>\n\t\t\t\t<\/div>\n\t\t\t\t\t<\/div>\n\t\t\t\t<\/div>\n\t\t\t\t<\/div>\n\t\t\t\t\t<\/div>\n\t\t\t\t<\/div>\n\t\t\t\t<\/div>\n\t\t\t\t\t<\/div>\n\t\t\t\t<\/div>\n\t\t<div class=\"elementor-element elementor-element-11fdda1 e-flex e-con-boxed e-con e-parent\" data-id=\"11fdda1\" data-element_type=\"container\">\n\t\t\t\t\t<div class=\"e-con-inner\">\n\t\t<div class=\"elementor-element elementor-element-5b7c651 e-con-full e-flex e-con e-child\" data-id=\"5b7c651\" data-element_type=\"container\">\n\t\t<div class=\"elementor-element elementor-element-0b2d488 e-flex e-con-boxed e-con e-child\" data-id=\"0b2d488\" data-element_type=\"container\">\n\t\t\t\t\t<div class=\"e-con-inner\">\n\t\t<div class=\"elementor-element elementor-element-f313c34 e-con-full e-flex e-con e-child\" data-id=\"f313c34\" data-element_type=\"container\">\n\t\t\t\t<div class=\"elementor-element elementor-element-e21e623 elementor-widget elementor-widget-elementskit-heading\" data-id=\"e21e623\" data-element_type=\"widget\" data-widget_type=\"elementskit-heading.default\">\n\t\t\t\t\t<div class=\"ekit-wid-con\" ><div class=\"ekit-heading elementskit-section-title-wraper text_left   ekit_heading_tablet-   ekit_heading_mobile-text_center\">\t\t\t\t<div class='ekit-heading__description'>\n\t\t\t\t\t<p><img decoding=\"async\" class=\"size-medium wp-image-492756 alignleft\" src=\"https:\/\/alcaline.com.br\/clientes\/cursos\/wp-content\/uploads\/2025\/09\/cp_1023-300x225.png\" alt=\"\" width=\"300\" height=\"225\" srcset=\"https:\/\/sertsc.org.br\/cursos\/wp-content\/uploads\/2025\/09\/cp_1023-300x225.png 300w, https:\/\/sertsc.org.br\/cursos\/wp-content\/uploads\/2025\/09\/cp_1023.png 480w\" sizes=\"(max-width: 300px) 100vw, 300px\" \/>Ap\u00f3s conquistarem a regulamenta\u00e7\u00e3o da profiss\u00e3o de radialista, os radiodifusores catarinenses concentraram seus esfor\u00e7os no sentido de conseguir junto ao Minist\u00e9rio do Trabalho a concess\u00e3o da carta sindical, o que veio a ocorrer no dia 22 de junho de 1980. Cerca de dois meses depois, em 26 de agosto de 1980, foi eleita a primeira diretoria, ainda provis\u00f3ria, do Sindicato das Empresas de R\u00e1dio e Televis\u00e3o do Estado de Santa Catarina, c\u00f3digo 000.000.01329.3, com sede na cidade de Florian\u00f3polis e nos termos estabelecidos na Consolida\u00e7\u00e3o das Leis do Trabalho (CLT).<\/p>\n<p>O grupo pioneiro de lideran\u00e7as da radiodifus\u00e3o catarinense foi formado por Euclides Sim\u00f5es de Almeida, primeiro presidente do SERT\/SC; Ramiro Greg\u00f3rio da Silva; Rui Benvegnu Pimentel; Osni Jos\u00e9 Gon\u00e7alves; N\u00e9vio Capeler; Edson Andrade; Alfredo F\u00f3es; Carlos Guilherme Addor; Virg\u00edlio Tambosi; Clemente Norberto Jaeger; Agenor Neves Marques; Nelson Pacheco Sirotsky; Edson Otto Zadrosny; Evel\u00e1sio Paulo Vieira; e Jo\u00e3o Carlos C\u00f4as.<\/p>\n<p>Desde a sua funda\u00e7\u00e3o, o SERT\/SC nunca parou de evoluir. Nos \u00faltimos anos, adquiriu uma sede pr\u00f3pria e ampliou fortemente as suas atividades. Al\u00e9m de representar legalmente as emissoras de r\u00e1dio e TV de Santa Catarina, prestar consultoria jur\u00eddica e negociar as Conven\u00e7\u00f5es Coletivas de Trabalho, o SERT\/SC promove encontros regionais e semin\u00e1rios com palestrantes consagrados, oferece cursos on-line atrav\u00e9s da sua Universidade Corporativa, informa seus filiados sobre os \u00faltimos acontecimentos no mercado e garante descontos em servi\u00e7os relevantes para os radiodifusores.<\/p>\n<p>Por tudo isso, o SERT\/SC posiciona-se hoje como uma das entidades mais ativas e respeitadas da comunica\u00e7\u00e3o brasileira.<\/p>\n\t\t\t\t<\/div>\n\t\t\t<\/div><\/div>\t\t\t\t<\/div>\n\t\t\t\t<\/div>\n\t\t\t\t\t<\/div>\n\t\t\t\t<\/div>\n\t\t\t\t<\/div>\n\t\t\t\t\t<\/div>\n\t\t\t\t<\/div>\n\t\t\t\t<\/div>\n\t\t","protected":false},"excerpt":{"rendered":"<p>O in\u00edcio do movimento Na d\u00e9cada de 1970, o r\u00e1dio [&hellip;]<\/p>\n","protected":false},"author":1,"featured_media":0,"parent":0,"menu_order":0,"comment_status":"closed","ping_status":"closed","template":"","meta":{"footnotes":""},"class_list":["post-492673","page","type-page","status-publish","hentry"],"_links":{"self":[{"href":"https:\/\/sertsc.org.br\/cursos\/wp-json\/wp\/v2\/pages\/492673","targetHints":{"allow":["GET"]}}],"collection":[{"href":"https:\/\/sertsc.org.br\/cursos\/wp-json\/wp\/v2\/pages"}],"about":[{"href":"https:\/\/sertsc.org.br\/cursos\/wp-json\/wp\/v2\/types\/page"}],"author":[{"embeddable":true,"href":"https:\/\/sertsc.org.br\/cursos\/wp-json\/wp\/v2\/users\/1"}],"replies":[{"embeddable":true,"href":"https:\/\/sertsc.org.br\/cursos\/wp-json\/wp\/v2\/comments?post=492673"}],"version-history":[{"count":50,"href":"https:\/\/sertsc.org.br\/cursos\/wp-json\/wp\/v2\/pages\/492673\/revisions"}],"predecessor-version":[{"id":492858,"href":"https:\/\/sertsc.org.br\/cursos\/wp-json\/wp\/v2\/pages\/492673\/revisions\/492858"}],"wp:attachment":[{"href":"https:\/\/sertsc.org.br\/cursos\/wp-json\/wp\/v2\/media?parent=492673"}],"curies":[{"name":"wp","href":"https:\/\/api.w.org\/{rel}","templated":true}]}}